{"id":2,"date":"2022-10-24T10:30:07","date_gmt":"2022-10-24T10:30:07","guid":{"rendered":"https:\/\/ugtfgvvalencia.es\/?page_id=2"},"modified":"2026-02-02T16:01:26","modified_gmt":"2026-02-02T16:01:26","slug":"cursos-formacion","status":"publish","type":"page","link":"https:\/\/ugtfgvvalencia.es\/index.php\/cursos-formacion\/","title":{"rendered":"Cursos Formaci\u00f3n"},"content":{"rendered":"\n<p class=\"has-medium-font-size\"><strong><mark style=\"background-color:rgba(0, 0, 0, 0)\" class=\"has-inline-color has-vivid-red-color\">Plataforma On Line y cursos presenciales<mark style=\"background-color:rgba(0, 0, 0, 0)\" class=\"has-inline-color has-black-color\"><\/mark><\/mark><\/strong><\/p>\n\n\n\n<p class=\"has-text-align-left\">Ferrocarrils de la Generalitat Valenciana ha comunicado la intenci\u00f3n de, en octubre de 2022, convocar el proceso selectivo para la cobertura de puestos de trabajo de las plazas de las Ofertas de Empleo P\u00fablico 2020, 2021 y 2022, con la intenci\u00f3n de empezar con las pruebas de Conducci\u00f3n y Circulaci\u00f3n a principios del 2023, y seguir paulatinamente con las de Atenci\u00f3n al Cliente y Mantenimiento respectivamente.<\/p>\n\n\n\n<p>Las plazas concursadas para la parte de Conducci\u00f3n y Circulaci\u00f3n son 99 de Maquinista, 11 de Jefe\/a de circulaci\u00f3n y 5 de Regulador\/a de puesto de mando, para la parte de Atenci\u00f3n al Cliente son 34 de Agente de Estaciones, y para la parte de Mantenimiento son 40 de Oficial de Oficio de Taller y 2 de Encargado de Telemando.<\/p>\n\n\n\n<p>En UGT impartimos la formaci\u00f3n mediante dos v\u00edas, la primera una Plataforma Online de Formaci\u00f3n, en la cual puedes encontrar los temarios mejorados, v\u00eddeos explicativos, esquemas, gran cantidad de test de repaso, etc, y la segunda, clases presenciales, retransmitidas online, explicando temario y resolviendo cualquier duda.<\/p>\n\n\n\n<p>Para el acceso a esta formaci\u00f3n solo pedimos la afiliaci\u00f3n a UGT, pero la afiliaci\u00f3n no solo sirve para este motivo ya que tambi\u00e9n disponemos de AMIGA, una aplicaci\u00f3n para dispositivos m\u00f3viles en la cual se encuentra toda la informaci\u00f3n y ayuda para el puesto de maquinista y otros puestos, as\u00ed como puedes contar con el equipo de UGT FGV Valencia para cualquier consulta, tr\u00e1mite o duda que te pueda surgir en el trabajo.<\/p>\n\n\n\n<p>En los siguientes enlaces puedes descargar la ficha de inscripci\u00f3n al curso, y la hoja de afiliaci\u00f3n por si a\u00fan no est\u00e1s afiliado a UGT<\/p>\n\n\n\n<p><a href=\"https:\/\/forms.gle\/YU1LpHqnrCa5mwu47\">Ficha de Inscripci\u00f3n<\/a><\/p>\n\n\n\n<p><a href=\"https:\/\/ugtfgvalicante.com\/wp-content\/uploads\/2022\/10\/Hoja-Afiliacion.pdf\">Hoja de Afiliaci\u00f3n<\/a><\/p>\n\n\n\n<p>Puedes ponerte en contacto con el Departamento de Formaci\u00f3n para cualquier consulta, as\u00ed como para enviar la ficha de inscripci\u00f3n y hoja de afiliaci\u00f3n al siguiente mail: <a href=\"mailto:cursos.ugt.fgv.alicante@gmail.com\">cursos.ugt.fgv.valencia@gmail.com<\/a><\/p>\n\n\n\n<figure class=\"wp-block-video\"><video height=\"720\" style=\"aspect-ratio: 1280 \/ 720;\" width=\"1280\" autoplay controls src=\"https:\/\/ugtfgvvalencia.es\/wp-content\/uploads\/2022\/10\/VID-20221021-WA0004.mp4\"><\/video><\/figure>\n\n\n\n<p><\/p>\n","protected":false},"excerpt":{"rendered":"<div class=\"mh-excerpt\"><p>Plataforma On Line y cursos presenciales Ferrocarrils de la Generalitat Valenciana ha comunicado la intenci\u00f3n de, en octubre de 2022, convocar el proceso selectivo para <a class=\"mh-excerpt-more\" href=\"https:\/\/ugtfgvvalencia.es\/index.php\/cursos-formacion\/\" title=\"Cursos Formaci\u00f3n\">[&#8230;]<\/a><\/p>\n<\/div>","protected":false},"author":1,"featured_media":0,"parent":0,"menu_order":0,"comment_status":"closed","ping_status":"open","template":"","meta":{"footnotes":""},"class_list":["post-2","page","type-page","status-publish","hentry"],"_links":{"self":[{"href":"https:\/\/ugtfgvvalencia.es\/index.php\/wp-json\/wp\/v2\/pages\/2","targetHints":{"allow":["GET"]}}],"collection":[{"href":"https:\/\/ugtfgvvalencia.es\/index.php\/wp-json\/wp\/v2\/pages"}],"about":[{"href":"https:\/\/ugtfgvvalencia.es\/index.php\/wp-json\/wp\/v2\/types\/page"}],"author":[{"embeddable":true,"href":"https:\/\/ugtfgvvalencia.es\/index.php\/wp-json\/wp\/v2\/users\/1"}],"replies":[{"embeddable":true,"href":"https:\/\/ugtfgvvalencia.es\/index.php\/wp-json\/wp\/v2\/comments?post=2"}],"version-history":[{"count":6,"href":"https:\/\/ugtfgvvalencia.es\/index.php\/wp-json\/wp\/v2\/pages\/2\/revisions"}],"predecessor-version":[{"id":497,"href":"https:\/\/ugtfgvvalencia.es\/index.php\/wp-json\/wp\/v2\/pages\/2\/revisions\/497"}],"wp:attachment":[{"href":"https:\/\/ugtfgvvalencia.es\/index.php\/wp-json\/wp\/v2\/media?parent=2"}],"curies":[{"name":"wp","href":"https:\/\/api.w.org\/{rel}","templated":true}]}}